{"id":48,"date":"2017-07-02T14:49:27","date_gmt":"2017-07-02T14:49:27","guid":{"rendered":"http:\/\/popp.farm\/?page_id=48"},"modified":"2018-05-21T13:55:17","modified_gmt":"2018-05-21T13:55:17","slug":"impressum","status":"publish","type":"page","link":"https:\/\/popp.farm\/?page_id=48","title":{"rendered":"Impressum + Datenschutz"},"content":{"rendered":"<h1><span style=\"font-family: 'book antiqua', palatino, serif; font-size: 16pt;\">Impressum<\/span><\/h1>\n<h2><span style=\"font-size: 12pt; font-family: 'book antiqua', palatino, serif;\">Angaben gem\u00e4\u00df \u00a7 5 TMG:<\/span><\/h2>\n<p><span style=\"font-family: 'book antiqua', palatino, serif; font-size: 12pt;\">Heinrich Popp<\/span><br \/>\n<span style=\"font-family: 'book antiqua', palatino, serif; font-size: 12pt;\"> St.-Severin-Str. 6<\/span><br \/>\n<span style=\"font-family: 'book antiqua', palatino, serif; font-size: 12pt;\"> 85748 Garching<\/span><\/p>\n<h2><span style=\"font-size: 12pt; font-family: 'book antiqua', palatino, serif;\">Kontakt:<\/span><\/h2>\n<table>\n<tbody>\n<tr>\n<td><span style=\"font-family: 'book antiqua', palatino, serif; font-size: 12pt;\">Telefon:<\/span><\/td>\n<td><span style=\"font-family: 'book antiqua', palatino, serif; font-size: 12pt;\">089\u00a03291393<\/span><\/td>\n<\/tr>\n<tr>\n<td><span style=\"font-family: 'book antiqua', palatino, serif; font-size: 12pt;\">Telefax:<\/span><\/td>\n<td><span style=\"font-family: 'book antiqua', palatino, serif; font-size: 12pt;\">089 32626225<\/span><\/td>\n<\/tr>\n<tr>\n<td><span style=\"font-family: 'book antiqua', palatino, serif; font-size: 12pt;\">E-Mail:<\/span><\/td>\n<td>&#x68;&#101;i&#x6e;&#114;i&#x63;&#104;&#64;&#x70;&#x6f;&#112;&#x70;&#x2e;&#102;a&#x72;&#109;<\/td>\n<\/tr>\n<\/tbody>\n<\/table>\n<h2><span style=\"font-family: 'book antiqua', palatino, serif; font-size: 12pt;\">Streitschlichtung<\/span><\/h2>\n<p><span style=\"font-family: 'book antiqua', palatino, serif; font-size: 12pt;\">Wir sind nicht bereit oder verpflichtet, an Streitbeilegungsverfahren vor einer Verbraucherschlichtungsstelle teilzunehmen.<\/span><\/p>\n<h2><span style=\"font-family: 'book antiqua', palatino, serif; font-size: 12pt;\">Haftung f\u00fcr Inhalte<\/span><\/h2>\n<p><span style=\"font-family: 'book antiqua', palatino, serif; font-size: 12pt;\">Als Diensteanbieter sind wir gem\u00e4\u00df \u00a7 7 Abs.1 TMG f\u00fcr eigene Inhalte auf diesen Seiten<\/span><br \/>\n<span style=\"font-family: 'book antiqua', palatino, serif; font-size: 12pt;\">nach den allgemeinen Gesetzen verantwortlich. Nach \u00a7\u00a7 8 bis 10 TMG sind wir als<\/span><br \/>\n<span style=\"font-family: 'book antiqua', palatino, serif; font-size: 12pt;\">Diensteanbieter jedoch nicht verpflichtet, \u00fcbermittelte oder gespeicherte fremde Informationen zu\u00a0<\/span><span style=\"font-family: 'book antiqua', palatino, serif; font-size: 12pt;\">\u00fcberwachen oder nach Umst\u00e4nden zu forschen, die auf eine rechtswidrige T\u00e4tigkeit\u00a0<\/span><span style=\"font-family: 'book antiqua', palatino, serif; font-size: 12pt;\">hinweisen.<\/span><\/p>\n<p><span style=\"font-family: 'book antiqua', palatino, serif; font-size: 12pt;\">Verpflichtungen zur Entfernung oder Sperrung der Nutzung von Informationen nach<\/span><br \/>\n<span style=\"font-family: 'book antiqua', palatino, serif; font-size: 12pt;\">den allgemeinen Gesetzen bleiben hiervon unber\u00fchrt. Eine diesbez\u00fcgliche Haftung ist jedoch\u00a0<\/span><span style=\"font-family: 'book antiqua', palatino, serif; font-size: 12pt;\">erst ab dem Zeitpunkt der Kenntnis einer konkreten Rechtsverletzung m\u00f6glich. Bei Bekanntwerden\u00a0<\/span><span style=\"font-family: 'book antiqua', palatino, serif; font-size: 12pt;\">von entsprechenden Rechtsverletzungen werden wir diese Inhalte umgehend entfernen.<\/span><\/p>\n<h2><span style=\"font-family: 'book antiqua', palatino, serif; font-size: 12pt;\">Haftung f\u00fcr Links<\/span><\/h2>\n<p><span style=\"font-family: 'book antiqua', palatino, serif; font-size: 12pt;\">Unser Angebot enth\u00e4lt Links zu externen Websites Dritter, auf<\/span><br \/>\n<span style=\"font-family: 'book antiqua', palatino, serif; font-size: 12pt;\">deren Inhalte wir keinen Einfluss haben. Deshalb k\u00f6nnen wir f\u00fcr diese fremden Inhalte auch\u00a0<\/span><span style=\"font-family: 'book antiqua', palatino, serif; font-size: 12pt;\">keine Gew\u00e4hr \u00fcbernehmen. F\u00fcr die Inhalte der verlinkten Seiten ist stets der jeweilige\u00a0<\/span><span style=\"font-family: 'book antiqua', palatino, serif; font-size: 12pt;\">Anbieter oder Betreiber der Seiten verantwortlich. Die verlinkten Seiten wurden zum Zeitpunkt der\u00a0<\/span><span style=\"font-family: 'book antiqua', palatino, serif; font-size: 12pt;\">Verlinkung auf m\u00f6gliche Rechtsverst\u00f6\u00dfe \u00fcberpr\u00fcft. Rechtswidrige Inhalte\u00a0<\/span><span style=\"font-family: 'book antiqua', palatino, serif; font-size: 12pt;\">waren zum Zeitpunkt der Verlinkung nicht erkennbar.<\/span><\/p>\n<p><span style=\"font-family: 'book antiqua', palatino, serif; font-size: 12pt;\">Eine permanente inhaltliche Kontrolle der verlinkten Seiten ist jedoch ohne konkrete Anhaltspunkte einer Rechtsverletzung nicht zumutbar. Bei\u00a0Bekanntwerden von Rechtsverletzungen werden wir derartige Links umgehend entfernen.<\/span><\/p>\n<h2><span style=\"font-family: 'book antiqua', palatino, serif; font-size: 12pt;\">Urheberrecht<\/span><\/h2>\n<p><span style=\"font-family: 'book antiqua', palatino, serif; font-size: 12pt;\">Die durch die Seitenbetreiber erstellten Inhalte und Werke auf diesen Seiten\u00a0unterliegen dem deutschen Urheberrecht. Die Vervielf\u00e4ltigung, Bearbeitung, Verbreitung und jede\u00a0Art der Verwertung au\u00dferhalb der Grenzen des Urheberrechtes bed\u00fcrfen der schriftlichen\u00a0Zustimmung des jeweiligen Autors bzw. Erstellers. Downloads und Kopien dieser Seite sind nur f\u00fcr\u00a0den privaten, nicht kommerziellen Gebrauch gestattet.<\/span><\/p>\n<p><span style=\"font-family: 'book antiqua', palatino, serif; font-size: 12pt;\">Soweit die Inhalte auf dieser Seite nicht\u00a0vom Betreiber erstellt wurden, werden die Urheberrechte Dritter beachtet. Insbesondere werden Inhalte Dritter als solche gekennzeichnet. Sollten Sie trotzdem auf eine Urheberrechtsverletzung aufmerksam\u00a0werden, bitten wir um einen entsprechenden Hinweis. Bei Bekanntwerden von Rechtsverletzungen werden wir derartige Inhalte umgehend entfernen.<\/span><\/p>\n<p><span style=\"font-family: 'book antiqua', palatino, serif; font-size: 12pt;\">Quelle: <a href=\"https:\/\/www.erecht24.de\" target=\"_blank\" rel=\"noopener\">https:\/\/www.e-recht24.de<\/a><\/span><\/p>\n<h1><span style=\"font-family: 'book antiqua', palatino, serif; font-size: 16pt;\">Datenschutzerkl\u00e4rung<\/span><\/h1>\n<h4><span style=\"font-family: 'book antiqua', palatino, serif; font-size: 12pt;\">Diese Website ist ein Informationsangebot von<\/span><\/h4>\n<p><span style=\"font-family: 'book antiqua', palatino, serif; font-size: 12pt;\">Heinrich Popp<\/span><br \/>\n<span style=\"font-family: 'book antiqua', palatino, serif; font-size: 12pt;\"> St.-Severin-Str. 6<\/span><br \/>\n<span style=\"font-family: 'book antiqua', palatino, serif; font-size: 12pt;\"> 85748 Garching<\/span><\/p>\n<p><span style=\"font-family: 'book antiqua', palatino, serif; font-size: 12pt;\">eMail: he&#105;&#110;&#x72;&#x69;&#x63;&#x68;&#64;p&#111;&#112;&#x70;&#x2e;&#x66;&#x61;rm<\/span><\/p>\n<h2><span style=\"font-family: 'book antiqua', palatino, serif; font-size: 12pt;\">Grundlegendes<\/span><\/h2>\n<p><span style=\"font-family: 'book antiqua', palatino, serif; font-size: 12pt;\">Diese Datenschutzerkl\u00e4rung soll die Nutzer dieser Website \u00fcber die Art, den Umfang und den Zweck der Erhebung und Verwendung personenbezogener Daten durch den Websitebetreiber Heinrich Popp (&#104;&#x65;&#x69;n&#114;&#x69;c&#104;&#x40;&#x70;o&#112;&#x70;&#46;&#102;&#x61;&#x72;m) informieren.<\/span><\/p>\n<p><span style=\"font-family: 'book antiqua', palatino, serif; font-size: 12pt;\">Der Websitebetreiber nimmt Ihren Datenschutz sehr ernst und behandelt Ihre personenbezogenen Daten vertraulich und entsprechend der gesetzlichen Vorschriften. Da durch neue Technologien und die st\u00e4ndige Weiterentwicklung dieser Webseite \u00c4nderungen an dieser Datenschutzerkl\u00e4rung vorgenommen werden k\u00f6nnen, empfehlen wir Ihnen sich die Datenschutzerkl\u00e4rung in regelm\u00e4\u00dfigen Abst\u00e4nden wieder durchzulesen.<\/span><\/p>\n<p><span style=\"font-family: 'book antiqua', palatino, serif; font-size: 12pt;\">Definitionen der verwendeten Begriffe (z.B. \u201cpersonenbezogene Daten\u201d oder \u201cVerarbeitung\u201d) finden Sie in Art. 4 DSGVO.<\/span><\/p>\n<h2><span style=\"font-family: 'book antiqua', palatino, serif; font-size: 12pt;\">Zugriffsdaten<\/span><\/h2>\n<p><span style=\"font-family: 'book antiqua', palatino, serif; font-size: 12pt;\">Wir, der Websitebetreiber bzw. Seitenprovider, erheben aufgrund unseres berechtigten Interesses (s. Art. 6 Abs. 1 lit. f. DSGVO) Daten \u00fcber Zugriffe auf die Website und speichern diese als \u201eServer-Logfiles\u201c auf dem Server der Website ab. Folgende Daten werden so protokolliert:<\/span><\/p>\n<ul>\n<li><span style=\"font-family: 'book antiqua', palatino, serif; font-size: 12pt;\">Besuchte Website<\/span><\/li>\n<li><span style=\"font-family: 'book antiqua', palatino, serif; font-size: 12pt;\">Uhrzeit zum Zeitpunkt des Zugriffes<\/span><\/li>\n<li><span style=\"font-family: 'book antiqua', palatino, serif; font-size: 12pt;\">Menge der gesendeten Daten in Byte<\/span><\/li>\n<li><span style=\"font-family: 'book antiqua', palatino, serif; font-size: 12pt;\">Quelle\/Verweis, von welchem Sie auf die Seite gelangten<\/span><\/li>\n<li><span style=\"font-family: 'book antiqua', palatino, serif; font-size: 12pt;\">Verwendeter Browser<\/span><\/li>\n<li><span style=\"font-family: 'book antiqua', palatino, serif; font-size: 12pt;\">Verwendetes Betriebssystem<\/span><\/li>\n<li><span style=\"font-family: 'book antiqua', palatino, serif; font-size: 12pt;\">Verwendete IP-Adresse<\/span><\/li>\n<\/ul>\n<p><span style=\"font-family: 'book antiqua', palatino, serif; font-size: 12pt;\">Die Server-Logfiles werden f\u00fcr maximal 7 Tage gespeichert und anschlie\u00dfend gel\u00f6scht. Die Speicherung der Daten erfolgt aus Sicherheitsgr\u00fcnden, um z. B. Missbrauchsf\u00e4lle aufkl\u00e4ren zu k\u00f6nnen. M\u00fcssen Daten aus Beweisgr\u00fcnden aufgehoben werden, sind sie solange von der L\u00f6schung ausgenommen bis der Vorfall endg\u00fcltig gekl\u00e4rt ist.<\/span><\/p>\n<h2><span style=\"font-family: 'book antiqua', palatino, serif; font-size: 12pt;\">Reichweitenmessung &amp; Cookies<\/span><\/h2>\n<p><span style=\"font-family: 'book antiqua', palatino, serif; font-size: 12pt;\">Diese Website verwendet Cookies zur pseudonymisierten Reichweitenmessung, die entweder von unserem Server oder dem Server Dritter an den Browser des Nutzers \u00fcbertragen werden. Bei Cookies handelt es sich um kleine Dateien, welche auf Ihrem Endger\u00e4t gespeichert werden. Ihr Browser greift auf diese Dateien zu. Durch den Einsatz von Cookies erh\u00f6ht sich die Benutzerfreundlichkeit und Sicherheit dieser Website.<\/span><\/p>\n<p><span style=\"font-family: 'book antiqua', palatino, serif; font-size: 12pt;\">Falls Sie nicht m\u00f6chten, dass Cookies zur Reichweitenmessung auf Ihrem Endger\u00e4t gespeichert werden, k\u00f6nnen Sie dem Einsatz dieser Dateien hier widersprechen:<\/span><\/p>\n<ul>\n<li><span style=\"font-family: 'book antiqua', palatino, serif; font-size: 12pt;\">Cookie-Deaktivierungsseite der Netzwerkwerbeinitiative: <u><a href=\"http:\/\/optout.networkadvertising.org\/?c=1#!\/\">http:\/\/optout.networkadvertising.org\/?c=1#!\/<\/a><\/u><\/span><\/li>\n<li><span style=\"font-family: 'book antiqua', palatino, serif; font-size: 12pt;\">Cookie-Deaktivierungsseite der US-amerikanischen Website: <u><a href=\"http:\/\/optout.aboutads.info\/?c=2#!\/\">http:\/\/optout.aboutads.info\/?c=2#!\/<\/a><\/u><\/span><\/li>\n<li><span style=\"font-family: 'book antiqua', palatino, serif; font-size: 12pt;\">Cookie-Deaktivierungsseite der europ\u00e4ischen Website: <u><a href=\"http:\/\/optout.networkadvertising.org\/?c=1#!\/\">http:\/\/optout.networkadvertising.org\/?c=1#!\/<\/a><\/u><\/span><\/li>\n<\/ul>\n<p><span style=\"font-family: 'book antiqua', palatino, serif; font-size: 12pt;\">G\u00e4ngige Browser bieten die Einstellungsoption, Cookies nicht zuzulassen. Hinweis: Es ist nicht gew\u00e4hrleistet, dass Sie auf alle Funktionen dieser Website ohne Einschr\u00e4nkungen zugreifen k\u00f6nnen, wenn Sie entsprechende Einstellungen vornehmen.<\/span><\/p>\n<h2><span style=\"font-family: 'book antiqua', palatino, serif; font-size: 12pt;\">Erfassung und Verarbeitung personenbezogener Daten<\/span><\/h2>\n<p><span style=\"font-family: 'book antiqua', palatino, serif; font-size: 12pt;\">Der Websitebetreiber erhebt, nutzt und gibt Ihre personenbezogenen Daten nur dann weiter, wenn dies im gesetzlichen Rahmen erlaubt ist oder Sie in die Datenerhebung einwilligen.<\/span><\/p>\n<p><span style=\"font-family: 'book antiqua', palatino, serif; font-size: 12pt;\">Als personenbezogene Daten gelten s\u00e4mtliche Informationen, welche dazu dienen, Ihre Person zu bestimmen und welche zu Ihnen zur\u00fcckverfolgt werden k\u00f6nnen \u2013 also beispielsweise Ihr Name, Ihre E-Mail-Adresse und Telefonnummer.<\/span><\/p>\n<p><span style=\"font-family: 'book antiqua', palatino, serif; font-size: 12pt;\">Diese Website k\u00f6nnen Sie auch besuchen, ohne Angaben zu Ihrer Person zu machen. Zur Verbesserung unseres Online-Angebotes speichern wir jedoch (ohne Personenbezug) Ihre Zugriffsdaten auf diese Website. Zu diesen Zugriffsdaten geh\u00f6ren z. B. die von Ihnen angeforderte Datei oder der Name Ihres Internet-Providers. Durch die Anonymisierung der Daten sind R\u00fcckschl\u00fcsse auf Ihre Person nicht m\u00f6glich.<\/span><\/p>\n<h2><span style=\"font-family: 'book antiqua', palatino, serif; font-size: 12pt;\"><strong>Umgang mit Kontaktdaten<\/strong><\/span><\/h2>\n<p><span style=\"font-family: 'book antiqua', palatino, serif; font-size: 12pt;\">Nehmen Sie mit uns als Websitebetreiber durch die angebotenen Kontaktm\u00f6glichkeiten Verbindung auf, werden Ihre Angaben gespeichert, damit auf diese zur Bearbeitung und Beantwortung Ihrer Anfrage zur\u00fcckgegriffen werden kann. Ohne Ihre Einwilligung werden diese Daten nicht an Dritte weitergegeben.<\/span><\/p>\n<h2><span style=\"font-family: 'book antiqua', palatino, serif; font-size: 12pt;\"><strong>Umgang mit Kommentaren und Beitr\u00e4gen<\/strong><\/span><\/h2>\n<p><span style=\"font-family: 'book antiqua', palatino, serif; font-size: 12pt;\">Hinterlassen Sie auf dieser Website einen Beitrag oder Kommentar, wird Ihre IP-Adresse gespeichert. Dies erfolgt aufgrund unserer berechtigten Interessen im Sinne des Art. 6 Abs. 1 lit. f. DSGVO und dient der Sicherheit von uns als Websitebetreiber: Denn sollte Ihr Kommentar gegen geltendes Recht versto\u00dfen, k\u00f6nnen wir daf\u00fcr belangt werden, weshalb wir ein Interesse an der Identit\u00e4t des Kommentar- bzw. Beitragsautors haben.<\/span><\/p>\n<h2><span style=\"font-family: 'book antiqua', palatino, serif; font-size: 12pt;\"><strong>Google Analytics<\/strong><\/span><\/h2>\n<p><span style=\"font-family: 'book antiqua', palatino, serif; font-size: 12pt;\">Diese Website nutzt diesen Dienst nicht.<\/span><\/p>\n<h2><span style=\"font-family: 'book antiqua', palatino, serif; font-size: 12pt;\"><strong>Nutzung von Social-Media-Plugins von Facebook<\/strong><\/span><\/h2>\n<p><span style=\"font-family: 'book antiqua', palatino, serif; font-size: 12pt;\">Aufgrund unseres berechtigten Interesses an der Analyse, Optimierung und dem Betrieb unseres Online-Angebotes (im Sinne des Art. 6 Abs. 1 lit. f. DSGVO), verwendet diese Website das Facebook-Social-Plugin, welches von der Facebook Inc. (1 Hacker Way, Menlo Park, California 94025, USA) betrieben wird. Erkennbar sind die Einbindungen an dem Facebook-Logo bzw. an den Begriffen \u201eLike\u201c, \u201eGef\u00e4llt mir\u201c, \u201eTeilen\u201c in den Farben Facebooks (Blau und Wei\u00df). Informationen zu allen Facebook-Plugins finden Sie \u00fcber den folgenden Link: <a href=\"https:\/\/developers.facebook.com\/docs\/plugins\/\">https:\/\/developers.facebook.com\/docs\/plugins\/<\/a><\/span><\/p>\n<p><span style=\"font-family: 'book antiqua', palatino, serif; font-size: 12pt;\">Facebook Inc. h\u00e4lt das europ\u00e4ische Datenschutzrecht ein und ist unter dem Privacy-Shield-Abkommen zertifiziert: <u><a href=\"https:\/\/www.privacyshield.gov\/participant?id=a2zt0000000GnywAAC&amp;status=Active\">https:\/\/www.privacyshield.gov\/participant?id=a2zt0000000GnywAAC&amp;status=Active<\/a><\/u><\/span><\/p>\n<p><span style=\"font-family: 'book antiqua', palatino, serif; font-size: 12pt;\">Das Plugin stellt eine direkte Verbindung zwischen Ihrem Browser und den Facebook-Servern her. Der Websitebetreiber hat keinerlei Einfluss auf die Natur und den Umfang der Daten, welche das Plugin an die Server der Facebook Inc. \u00fcbermittelt. Informationen dazu finden Sie hier: <u><a href=\"https:\/\/www.facebook.com\/help\/186325668085084\">https:\/\/www.facebook.com\/help\/186325668085084<\/a><\/u><\/span><\/p>\n<p><span style=\"font-family: 'book antiqua', palatino, serif; font-size: 12pt;\">Das Plugin informiert die Facebook Inc. dar\u00fcber, dass Sie als Nutzer diese Website besucht haben. Es besteht hierbei die M\u00f6glichkeit, dass Ihre IP-Adresse gespeichert wird. Sind Sie w\u00e4hrend des Besuchs auf dieser Website in Ihrem Facebook-Konto eingeloggt, werden die genannten Informationen mit diesem verkn\u00fcpft.<\/span><\/p>\n<p><span style=\"font-family: 'book antiqua', palatino, serif; font-size: 12pt;\">Nutzen Sie die Funktionen des Plugins \u2013 etwa indem Sie einen Beitrag teilen oder \u201eliken\u201c \u2013, werden die entsprechenden Informationen ebenfalls an die Facebook Inc. \u00fcbermittelt.<\/span><\/p>\n<p><span style=\"font-family: 'book antiqua', palatino, serif; font-size: 12pt;\">M\u00f6chten Sie verhindern, dass die Facebook. Inc. diese Daten mit Ihrem Facebook-Konto verkn\u00fcpft, loggen Sie sich bitte vor dem Besuch dieser Website bei Facebook aus und l\u00f6schen Sie die gespeicherten Cookies. \u00dcber Ihr Facebook-Profil k\u00f6nnen Sie weitere Einstellungen zur Datenverarbeitung f\u00fcr Werbezwecke t\u00e4tigen oder der Nutzung Ihrer Daten f\u00fcr Werbezwecke widersprechen. Zu den Einstellungen gelangen Sie hier:<\/span><\/p>\n<ul>\n<li><span style=\"font-family: 'book antiqua', palatino, serif; font-size: 12pt;\">Profileinstellungen bei Facebook: <u><a href=\"https:\/\/www.facebook.com\/ads\/preferences\/?entry_product=ad_settings_screen\">https:\/\/www.facebook.com\/ads\/preferences\/?entry_product=ad_settings_screen<\/a><\/u><\/span><\/li>\n<li><span style=\"font-family: 'book antiqua', palatino, serif; font-size: 12pt;\">Cookie-Deaktivierungsseite der US-amerikanischen Website: <u><a href=\"http:\/\/optout.aboutads.info\/?c=2#!\/\">http:\/\/optout.aboutads.info\/?c=2#!\/<\/a><\/u><\/span><\/li>\n<li><span style=\"font-family: 'book antiqua', palatino, serif; font-size: 12pt;\">Cookie-Deaktivierungsseite der europ\u00e4ischen Website: <u><a href=\"http:\/\/optout.networkadvertising.org\/?c=1#!\/\">http:\/\/optout.networkadvertising.org\/?c=1#!\/<\/a><\/u><\/span><\/li>\n<\/ul>\n<p><span style=\"font-family: 'book antiqua', palatino, serif; font-size: 12pt;\">Welche Daten, zu welchem Zweck und in welchem Umfang Facebook Daten erhebt, nutzt und verarbeitet und welche Rechte sowie Einstellungsm\u00f6glichkeiten Sie zum Schutz Ihrer Privatsph\u00e4re haben, k\u00f6nnen Sie in den Datenschutzrichtlinien von Facebook nachlesen. Diese finden Sie hier: <u><a href=\"https:\/\/www.facebook.com\/about\/privacy\/\">https:\/\/www.facebook.com\/about\/privacy\/<\/a><\/u><\/span><\/p>\n<h2><span style=\"font-family: 'book antiqua', palatino, serif; font-size: 12pt;\"><strong>Newsletter-Abonnement<\/strong><\/span><\/h2>\n<p><span style=\"font-family: 'book antiqua', palatino, serif; font-size: 12pt;\">Der Websitebetreiber bietet keinen Newsletter an.<\/span><\/p>\n<h2><span style=\"font-family: 'book antiqua', palatino, serif; font-size: 12pt;\"><strong>Rechte des Nutzers<\/strong><\/span><\/h2>\n<p><span style=\"font-family: 'book antiqua', palatino, serif; font-size: 12pt;\">Sie haben als Nutzer das Recht, auf Antrag eine kostenlose Auskunft dar\u00fcber zu erhalten, welche personenbezogenen Daten \u00fcber Sie gespeichert wurden. Sie haben au\u00dferdem das Recht auf Berichtigung falscher Daten und auf die Verarbeitungseinschr\u00e4nkung oder L\u00f6schung Ihrer personenbezogenen Daten. Falls zutreffend, k\u00f6nnen Sie auch Ihr Recht auf Datenportabilit\u00e4t geltend machen. Sollten Sie annehmen, dass Ihre Daten unrechtm\u00e4\u00dfig verarbeitet wurden, k\u00f6nnen Sie eine Beschwerde bei der zust\u00e4ndigen Aufsichtsbeh\u00f6rde einreichen.<\/span><\/p>\n<h2><span style=\"font-family: 'book antiqua', palatino, serif; font-size: 12pt;\"><strong>L\u00f6schung von Daten<\/strong><\/span><\/h2>\n<p><span style=\"font-family: 'book antiqua', palatino, serif; font-size: 12pt;\">Sofern Ihr Wunsch nicht mit einer gesetzlichen Pflicht zur Aufbewahrung von Daten (z. B. Vorratsdatenspeicherung) kollidiert, haben Sie ein Anrecht auf L\u00f6schung Ihrer Daten. Von uns gespeicherte Daten werden, sollten sie f\u00fcr ihre Zweckbestimmung nicht mehr vonn\u00f6ten sein und es keine gesetzlichen Aufbewahrungsfristen geben, gel\u00f6scht. Falls eine L\u00f6schung nicht durchgef\u00fchrt werden kann, da die Daten f\u00fcr zul\u00e4ssige gesetzliche Zwecke erforderlich sind, erfolgt eine Einschr\u00e4nkung der Datenverarbeitung. In diesem Fall werden die Daten gesperrt und nicht f\u00fcr andere Zwecke verarbeitet.<\/span><\/p>\n<h2><span style=\"font-family: 'book antiqua', palatino, serif; font-size: 12pt;\">Widerspruchsrecht<\/span><\/h2>\n<p><span style=\"font-family: 'book antiqua', palatino, serif; font-size: 12pt;\">Nutzer dieser Webseite k\u00f6nnen von ihrem Widerspruchsrecht Gebrauch machen und der Verarbeitung ihrer personenbezogenen Daten zu jeder Zeit widersprechen.<\/span><\/p>\n<p><span style=\"font-family: 'book antiqua', palatino, serif; font-size: 12pt;\">Wenn Sie eine Berichtigung, Sperrung, L\u00f6schung oder Auskunft \u00fcber die zu Ihrer Person gespeicherten personenbezogenen Daten w\u00fcnschen oder Fragen bzgl. der Erhebung, Verarbeitung oder Verwendung Ihrer personenbezogenen Daten haben oder erteilte Einwilligungen widerrufen m\u00f6chten, wenden Sie sich bitte an folgende E-Mail-Adresse: he&#105;&#110;&#x72;&#x69;&#x63;&#x68;&#64;p&#111;&#112;&#x70;&#x2e;&#x66;&#x61;rm<\/span><\/p>\n","protected":false},"excerpt":{"rendered":"<p>Impressum Angaben gem\u00e4\u00df \u00a7 5 TMG: Heinrich Popp St.-Severin-Str. 6 85748 Garching Kontakt: Telefon: 089\u00a03291393 Telefax: 089 32626225 E-Mail: &#x68;&#101;i&#x6e;&#114;i&#x63;&#104;&#64;&#x70;&#111;p&#x70;&#46;f&#x61;&#114;m Streitschlichtung Wir sind nicht bereit oder verpflichtet, an Streitbeilegungsverfahren vor einer Verbraucherschlichtungsstelle teilzunehmen. Haftung f\u00fcr Inhalte Als Diensteanbieter sind wir gem\u00e4\u00df \u00a7 7 Abs.1 TMG f\u00fcr eigene Inhalte auf diesen Seiten nach den allgemeinen Gesetzen [&hellip;]<\/p>\n","protected":false},"author":1,"featured_media":0,"parent":0,"menu_order":0,"comment_status":"closed","ping_status":"closed","template":"","meta":{"footnotes":""},"class_list":["post-48","page","type-page","status-publish","hentry"],"_links":{"self":[{"href":"https:\/\/popp.farm\/index.php?rest_route=\/wp\/v2\/pages\/48","targetHints":{"allow":["GET"]}}],"collection":[{"href":"https:\/\/popp.farm\/index.php?rest_route=\/wp\/v2\/pages"}],"about":[{"href":"https:\/\/popp.farm\/index.php?rest_route=\/wp\/v2\/types\/page"}],"author":[{"embeddable":true,"href":"https:\/\/popp.farm\/index.php?rest_route=\/wp\/v2\/users\/1"}],"replies":[{"embeddable":true,"href":"https:\/\/popp.farm\/index.php?rest_route=%2Fwp%2Fv2%2Fcomments&post=48"}],"version-history":[{"count":16,"href":"https:\/\/popp.farm\/index.php?rest_route=\/wp\/v2\/pages\/48\/revisions"}],"predecessor-version":[{"id":116,"href":"https:\/\/popp.farm\/index.php?rest_route=\/wp\/v2\/pages\/48\/revisions\/116"}],"wp:attachment":[{"href":"https:\/\/popp.farm\/index.php?rest_route=%2Fwp%2Fv2%2Fmedia&parent=48"}],"curies":[{"name":"wp","href":"https:\/\/api.w.org\/{rel}","templated":true}]}}